{"id":152658,"date":"2023-02-28T16:20:28","date_gmt":"2023-02-28T19:20:28","guid":{"rendered":"https:\/\/www.conveniosocial.com.br\/veterinarios\/adriana-dog-walker-dog-walker-sao-jose-dos-campos-sp\/"},"modified":"2023-02-28T16:37:39","modified_gmt":"2023-02-28T19:37:39","slug":"adriana-dog-walker-dog-walker-sao-jose-dos-campos-sp","status":"publish","type":"negocio","link":"https:\/\/www.conveniosocial.com.br\/veterinarios\/adriana-dog-walker-dog-walker-sao-jose-dos-campos-sp\/","title":{"rendered":"Adriana &#8211; Dog Walker &#8211;  &#8211; S\u00e3o Jos\u00e9 dos Campos &#8211; SP"},"content":{"rendered":"<p>Est\u00e1 sem tempo para passear com seu c\u00e3ozinho? est\u00e1 na hora de contratar uma profissional para dar toda aten\u00e7\u00e3o especial ao seu animalzinho!<\/p>\n<p>Sabia que ele passeando melhora muito a vida deles? * proporciona sa\u00fade f\u00edsica e mental; * melhora o t\u00f4nus muscular do c\u00e3o; * evita obesidade; * melhora do sistema imunol\u00f3gico; * reduz o stress; * promove sociabilidade. Ent\u00e3o n\u00e3o perca mais tempo! fa\u00e7a um pacote de passeio comigo! passeios durante o per\u00edodo da manh\u00e3 ou final da tarde, quando o sol est\u00e1 baixo e o clima ideal para os animais! raz\u00f5es pelas quais voc\u00ea n\u00e3o precisa de um dog walker 1 \u2013 seu c\u00e3o sabe como se manter ocupado em casa, enquanto todos est\u00e3o longe. \u00c9 claro! n\u00e3o tem ningu\u00e9m por perto pra levar ele passear, brincar com ele ou fazer um carinho, ent\u00e3o ele desenvolve um plano b pra aliviar o t\u00e9dio e o estresse. E assim ele domina a arte de mastigar m\u00f3veis, sapatos, arranhar portas, mastigar aquele vestido lindo que estava no varal ou derrubar aquele macbook que voc\u00ea esqueceu em cima da mesa ou da cama\u2026 \u00e9 justo, n\u00e9? quer dizer\u2026 pra que pagar mais de 300 reais por m\u00eas em um dog walker se todas essas coisas podem ser compradas de novo e a conta do veterin\u00e1rio pode ser paga, n\u00e9? 2 &#8211; seu c\u00e3o pode esperar pra fazer xixi\u2026 a \u00faltima vez que ele foi deixado sozinho, ele passou mais de 10 horas e n\u00e3o teve nenhum acidente\u2026 eu n\u00e3o quero nem imaginar o alto risco de contrair uma infec\u00e7\u00e3o da bexiga, problemas renais ou problemas do trato urin\u00e1rio em poucos anos a partir de agora! quero dizer, o c\u00e3o segura porque ele n\u00e3o tem outra op\u00e7\u00e3o. 3 \u2013 seu cachorro se exercita bastante porque voc\u00ea o leva pra uma voltinha no quarteir\u00e3o de manh\u00e3, antes de ir pro trabalho e quando voc\u00ea volta \u00e0 noite. Que bom pra voc\u00ea, mas infelizmente, essas duas voltinhas no quarteir\u00e3o n\u00e3o s\u00e3o o suficiente. Se ningu\u00e9m da aten\u00e7\u00e3o pra ele no meio do dia, ele vai passar o dia todo deitado. Uma rotina de passeios e exerc\u00edcios (aqueles mais demorados e que gastam mais energia) vai dar ao seu c\u00e3o o estimulo f\u00edsico e mental que ele tanto precisa pra viver melhor e mais feliz. E um passeio em grupo ajuda na vida social do seu c\u00e3o. =] 4- seu cachorro \u00e9 pregui\u00e7oso e dorme o dia todo. \u00c9 claro que ele dorme! quanto menos ativo um cachorro \u00e9, mais ele dorme. A falta de op\u00e7\u00f5es de poder ir la fora, aproveitar o dia, brincar e socializar com outros c\u00e3es deixa o cachorro pregui\u00e7oso com nenhuma outra op\u00e7\u00e3o a n\u00e3o ser\u2026 ser pregui\u00e7oso. 5 \u2013 seu cachorro odeia passear! esse medo que ele tem pode ser relacionado a algum trauma e isso \u00e9 longe de ser saud\u00e1vel. Com um dogwalker ou um adestrador voc\u00ea pode resolver esse problema. C\u00e3es veem o mundo pelo faro e por isso passeios na rua s\u00e3o t\u00e3o importantes pra manter a mente e o corpo do seu c\u00e3o saud\u00e1veis. Talvez seja o caso de contratar os servi\u00e7os de um passeio individual at\u00e9 ele se acostumar, melhorar e poder gastar toda a energia dele com a companhia outros c\u00e3es. 6 \u2013 voc\u00ea mora em uma casa com um quintal enorme que ele tem livre acesso pra brincar e correr o dia todo. S\u00e9rio? voc\u00ea realmente acha que seu c\u00e3o corre pelo quintal o dia todo, sozinho, enquanto voc\u00ea n\u00e3o est\u00e1 l\u00e1? 7 \u2013 seu c\u00e3o \u00e9 chato e odeia \u00e1gua. Seu pote est\u00e1 sempre cheio quando voc\u00ea chega em casa a noite. E voc\u00ea acha que se o seu c\u00e3o n\u00e3o bebe \u00e1gua, ele n\u00e3o precisa sair pra fazer xixi? ele \u00e9 esperto, n\u00e9? ele aprendeu que se ningu\u00e9m sai com ele pra dar uma aliviada pelos postes da vizinhan\u00e7a, porque ent\u00e3o ele vai beber muita \u00e1gua? se ele bebe tanta \u00e1gua, ele se ferra. Ent\u00e3o voc\u00ea n\u00e3o est\u00e1 apenas arriscando com a sa\u00fade dele, de segurar o xixi at\u00e9 voc\u00ea voltar do trabalho, mas tamb\u00e9m de n\u00e3o beber \u00e1gua. Desidrata\u00e7\u00e3o \u00e9 s\u00e9rio e pode causar muitas complica\u00e7\u00f5es. 8 \u2013 seu cachorro gosta de descansar na janela e olhar quem passa\u2026 ah, seu cachorro te contou essa? n\u00e3o importa o tamanho, cachorros s\u00e3o cachorros e n\u00e3o pessoas. A gente tem essa mania de antropomorfizar os c\u00e3es, ent\u00e3o porque n\u00e3o fazemos isso com a vontade de encontrar amigos e socializar? 9 \u2013 seu cachorro s\u00f3 gosta de andar com voc\u00ea! hmm.. Voc\u00ea quis dizer que voc\u00ea n\u00e3o confia em outros levando seu cachorro, n\u00e9? compreens\u00edvel, mas pensa que a gente precisa tomar as decis\u00f5es corretas e hoje em dia existem v\u00e1rias empresas bem confi\u00e1veis. Ent\u00e3o\u2026 ainda acha que seu c\u00e3o n\u00e3o precisa de um dogwalker?<\/p>\n<h3>Veterin\u00e1rios em  &#8211; S\u00e3o Jos\u00e9 dos Campos &#8211; SP<\/h3>\n<p>Dog Walker\u00a0em  &#8211; S\u00e3o Jos\u00e9 dos Campos &#8211; SP<\/p>\n<p><strong>Telefone:<\/strong> (12) 98840-7833 | <\/p>\n","protected":false},"author":1,"featured_media":0,"template":"","bairro":[599],"categoria_parceiro":[200,582],"class_list":["post-152658","negocio","type-negocio","status-publish","hentry","bairro-sao-jose-dos-campos-sp","categoria_parceiro-dog-walker","categoria_parceiro-passeadores-de-caes"],"yoast_head":"<!-- This site is optimized with the Yoast SEO Premium plugin v25.7.1 (Yoast SEO v27.5) - https:\/\/yoast.com\/product\/yoast-seo-premium-wordpress\/ -->\n<title>Adriana - Dog Walker - Dog Walker\u00a0em - S\u00e3o Jos\u00e9 dos Campos - SP<\/title>\n<meta name=\"description\" content=\"Adriana - Dog Walker - Dog Walker\u00a0em - S\u00e3o Jos\u00e9 dos Campos - SP. Veterin\u00e1rios em - S\u00e3o Jos\u00e9 dos Campos - SP\" \/>\n<meta name=\"robots\" content=\"index, follow, max-snippet:-1, max-image-preview:large, max-video-preview:-1\" \/>\n<link rel=\"canonical\" href=\"https:\/\/www.conveniosocial.com.br\/veterinarios\/adriana-dog-walker-dog-walker-sao-jose-dos-campos-sp\/\" \/>\n<meta property=\"og:locale\" content=\"pt_BR\" \/>\n<meta property=\"og:type\" content=\"article\" \/>\n<meta property=\"og:title\" content=\"Adriana - Dog Walker - - S\u00e3o Jos\u00e9 dos Campos - SP\" \/>\n<meta property=\"og:description\" content=\"Adriana - Dog Walker - Dog Walker\u00a0em - S\u00e3o Jos\u00e9 dos Campos - SP. Veterin\u00e1rios em - S\u00e3o Jos\u00e9 dos Campos - SP\" \/>\n<meta property=\"og:url\" content=\"https:\/\/www.conveniosocial.com.br\/veterinarios\/adriana-dog-walker-dog-walker-sao-jose-dos-campos-sp\/\" \/>\n<meta property=\"og:site_name\" content=\"Veterin\u00e1rios\" \/>\n<meta property=\"article:modified_time\" content=\"2023-02-28T19:37:39+00:00\" \/>\n<meta property=\"og:image\" content=\"https:\/\/www.conveniosocial.com.br\/veterinarios\/wp-content\/uploads\/sites\/2\/2023\/02\/banner-consultas-desktop-e1677588005571.webp\" \/>\n\t<meta property=\"og:image:width\" content=\"499\" \/>\n\t<meta property=\"og:image:height\" content=\"499\" \/>\n\t<meta property=\"og:image:type\" content=\"image\/webp\" \/>\n<meta name=\"twitter:card\" content=\"summary_large_image\" \/>\n<meta name=\"twitter:label1\" content=\"Est. tempo de leitura\" \/>\n\t<meta name=\"twitter:data1\" content=\"4 minutos\" \/>\n<script type=\"application\/ld+json\" class=\"yoast-schema-graph\">{\"@context\":\"https:\\\/\\\/schema.org\",\"@graph\":[{\"@type\":\"WebPage\",\"@id\":\"https:\\\/\\\/www.conveniosocial.com.br\\\/veterinarios\\\/adriana-dog-walker-dog-walker-sao-jose-dos-campos-sp\\\/\",\"url\":\"https:\\\/\\\/www.conveniosocial.com.br\\\/veterinarios\\\/adriana-dog-walker-dog-walker-sao-jose-dos-campos-sp\\\/\",\"name\":\"Adriana - Dog Walker - Dog Walker\u00a0em - S\u00e3o Jos\u00e9 dos Campos - SP\",\"isPartOf\":{\"@id\":\"https:\\\/\\\/www.conveniosocial.com.br\\\/veterinarios\\\/#website\"},\"datePublished\":\"2023-02-28T19:20:28+00:00\",\"dateModified\":\"2023-02-28T19:37:39+00:00\",\"description\":\"Adriana - Dog Walker - Dog Walker\u00a0em - S\u00e3o Jos\u00e9 dos Campos - SP. Veterin\u00e1rios em - S\u00e3o Jos\u00e9 dos Campos - SP\",\"breadcrumb\":{\"@id\":\"https:\\\/\\\/www.conveniosocial.com.br\\\/veterinarios\\\/adriana-dog-walker-dog-walker-sao-jose-dos-campos-sp\\\/#breadcrumb\"},\"inLanguage\":\"pt-BR\",\"potentialAction\":[{\"@type\":\"ReadAction\",\"target\":[\"https:\\\/\\\/www.conveniosocial.com.br\\\/veterinarios\\\/adriana-dog-walker-dog-walker-sao-jose-dos-campos-sp\\\/\"]}]},{\"@type\":\"BreadcrumbList\",\"@id\":\"https:\\\/\\\/www.conveniosocial.com.br\\\/veterinarios\\\/adriana-dog-walker-dog-walker-sao-jose-dos-campos-sp\\\/#breadcrumb\",\"itemListElement\":[{\"@type\":\"ListItem\",\"position\":1,\"name\":\"Veterin\u00e1rios\",\"item\":\"https:\\\/\\\/www.conveniosocial.com.br\\\/veterinarios\\\/\"},{\"@type\":\"ListItem\",\"position\":2,\"name\":\"Parceiros\",\"item\":\"https:\\\/\\\/www.conveniosocial.com.br\\\/veterinarios\\\/negocio\\\/\"},{\"@type\":\"ListItem\",\"position\":3,\"name\":\"Dog Walker\",\"item\":\"https:\\\/\\\/www.conveniosocial.com.br\\\/veterinarios\\\/dog-walker\\\/\"},{\"@type\":\"ListItem\",\"position\":4,\"name\":\"Adriana &#8211; Dog Walker &#8211; &#8211; S\u00e3o Jos\u00e9 dos Campos &#8211; SP\"}]},{\"@type\":\"WebSite\",\"@id\":\"https:\\\/\\\/www.conveniosocial.com.br\\\/veterinarios\\\/#website\",\"url\":\"https:\\\/\\\/www.conveniosocial.com.br\\\/veterinarios\\\/\",\"name\":\"Cl\u00ednicas Veterin\u00e1rias - Conv\u00eanio Social\",\"description\":\"Encontre Veterin\u00e1rios Profissionais\",\"publisher\":{\"@id\":\"https:\\\/\\\/www.conveniosocial.com.br\\\/veterinarios\\\/#organization\"},\"alternateName\":\"Cl\u00ednicas Veterin\u00e1rias - Conv\u00eanio Social\",\"potentialAction\":[{\"@type\":\"SearchAction\",\"target\":{\"@type\":\"EntryPoint\",\"urlTemplate\":\"https:\\\/\\\/www.conveniosocial.com.br\\\/veterinarios\\\/?s={search_term_string}\"},\"query-input\":{\"@type\":\"PropertyValueSpecification\",\"valueRequired\":true,\"valueName\":\"search_term_string\"}}],\"inLanguage\":\"pt-BR\"},{\"@type\":\"Organization\",\"@id\":\"https:\\\/\\\/www.conveniosocial.com.br\\\/veterinarios\\\/#organization\",\"name\":\"Cl\u00ednicas Veterin\u00e1rias - Conv\u00eanio Social\",\"url\":\"https:\\\/\\\/www.conveniosocial.com.br\\\/veterinarios\\\/\",\"logo\":{\"@type\":\"ImageObject\",\"inLanguage\":\"pt-BR\",\"@id\":\"https:\\\/\\\/www.conveniosocial.com.br\\\/veterinarios\\\/#\\\/schema\\\/logo\\\/image\\\/\",\"url\":\"https:\\\/\\\/www.conveniosocial.com.br\\\/veterinarios\\\/wp-content\\\/uploads\\\/sites\\\/2\\\/2023\\\/02\\\/novo_logo-convenio-socia-digital1.png\",\"contentUrl\":\"https:\\\/\\\/www.conveniosocial.com.br\\\/veterinarios\\\/wp-content\\\/uploads\\\/sites\\\/2\\\/2023\\\/02\\\/novo_logo-convenio-socia-digital1.png\",\"width\":400,\"height\":102,\"caption\":\"Cl\u00ednicas Veterin\u00e1rias - Conv\u00eanio Social\"},\"image\":{\"@id\":\"https:\\\/\\\/www.conveniosocial.com.br\\\/veterinarios\\\/#\\\/schema\\\/logo\\\/image\\\/\"}}]}<\/script>\n<!-- \/ Yoast SEO Premium plugin. -->","yoast_head_json":{"title":"Adriana - Dog Walker - Dog Walker\u00a0em - S\u00e3o Jos\u00e9 dos Campos - SP","description":"Adriana - Dog Walker - Dog Walker\u00a0em - S\u00e3o Jos\u00e9 dos Campos - SP. Veterin\u00e1rios em - S\u00e3o Jos\u00e9 dos Campos - SP","robots":{"index":"index","follow":"follow","max-snippet":"max-snippet:-1","max-image-preview":"max-image-preview:large","max-video-preview":"max-video-preview:-1"},"canonical":"https:\/\/www.conveniosocial.com.br\/veterinarios\/adriana-dog-walker-dog-walker-sao-jose-dos-campos-sp\/","og_locale":"pt_BR","og_type":"article","og_title":"Adriana - Dog Walker - - S\u00e3o Jos\u00e9 dos Campos - SP","og_description":"Adriana - Dog Walker - Dog Walker\u00a0em - S\u00e3o Jos\u00e9 dos Campos - SP. Veterin\u00e1rios em - S\u00e3o Jos\u00e9 dos Campos - SP","og_url":"https:\/\/www.conveniosocial.com.br\/veterinarios\/adriana-dog-walker-dog-walker-sao-jose-dos-campos-sp\/","og_site_name":"Veterin\u00e1rios","article_modified_time":"2023-02-28T19:37:39+00:00","og_image":[{"width":499,"height":499,"url":"https:\/\/www.conveniosocial.com.br\/veterinarios\/wp-content\/uploads\/sites\/2\/2023\/02\/banner-consultas-desktop-e1677588005571.webp","type":"image\/webp"}],"twitter_card":"summary_large_image","twitter_misc":{"Est. tempo de leitura":"4 minutos"},"schema":{"@context":"https:\/\/schema.org","@graph":[{"@type":"WebPage","@id":"https:\/\/www.conveniosocial.com.br\/veterinarios\/adriana-dog-walker-dog-walker-sao-jose-dos-campos-sp\/","url":"https:\/\/www.conveniosocial.com.br\/veterinarios\/adriana-dog-walker-dog-walker-sao-jose-dos-campos-sp\/","name":"Adriana - Dog Walker - Dog Walker\u00a0em - S\u00e3o Jos\u00e9 dos Campos - SP","isPartOf":{"@id":"https:\/\/www.conveniosocial.com.br\/veterinarios\/#website"},"datePublished":"2023-02-28T19:20:28+00:00","dateModified":"2023-02-28T19:37:39+00:00","description":"Adriana - Dog Walker - Dog Walker\u00a0em - S\u00e3o Jos\u00e9 dos Campos - SP. Veterin\u00e1rios em - S\u00e3o Jos\u00e9 dos Campos - SP","breadcrumb":{"@id":"https:\/\/www.conveniosocial.com.br\/veterinarios\/adriana-dog-walker-dog-walker-sao-jose-dos-campos-sp\/#breadcrumb"},"inLanguage":"pt-BR","potentialAction":[{"@type":"ReadAction","target":["https:\/\/www.conveniosocial.com.br\/veterinarios\/adriana-dog-walker-dog-walker-sao-jose-dos-campos-sp\/"]}]},{"@type":"BreadcrumbList","@id":"https:\/\/www.conveniosocial.com.br\/veterinarios\/adriana-dog-walker-dog-walker-sao-jose-dos-campos-sp\/#breadcrumb","itemListElement":[{"@type":"ListItem","position":1,"name":"Veterin\u00e1rios","item":"https:\/\/www.conveniosocial.com.br\/veterinarios\/"},{"@type":"ListItem","position":2,"name":"Parceiros","item":"https:\/\/www.conveniosocial.com.br\/veterinarios\/negocio\/"},{"@type":"ListItem","position":3,"name":"Dog Walker","item":"https:\/\/www.conveniosocial.com.br\/veterinarios\/dog-walker\/"},{"@type":"ListItem","position":4,"name":"Adriana &#8211; Dog Walker &#8211; &#8211; S\u00e3o Jos\u00e9 dos Campos &#8211; SP"}]},{"@type":"WebSite","@id":"https:\/\/www.conveniosocial.com.br\/veterinarios\/#website","url":"https:\/\/www.conveniosocial.com.br\/veterinarios\/","name":"Cl\u00ednicas Veterin\u00e1rias - Conv\u00eanio Social","description":"Encontre Veterin\u00e1rios Profissionais","publisher":{"@id":"https:\/\/www.conveniosocial.com.br\/veterinarios\/#organization"},"alternateName":"Cl\u00ednicas Veterin\u00e1rias - Conv\u00eanio Social","potentialAction":[{"@type":"SearchAction","target":{"@type":"EntryPoint","urlTemplate":"https:\/\/www.conveniosocial.com.br\/veterinarios\/?s={search_term_string}"},"query-input":{"@type":"PropertyValueSpecification","valueRequired":true,"valueName":"search_term_string"}}],"inLanguage":"pt-BR"},{"@type":"Organization","@id":"https:\/\/www.conveniosocial.com.br\/veterinarios\/#organization","name":"Cl\u00ednicas Veterin\u00e1rias - Conv\u00eanio Social","url":"https:\/\/www.conveniosocial.com.br\/veterinarios\/","logo":{"@type":"ImageObject","inLanguage":"pt-BR","@id":"https:\/\/www.conveniosocial.com.br\/veterinarios\/#\/schema\/logo\/image\/","url":"https:\/\/www.conveniosocial.com.br\/veterinarios\/wp-content\/uploads\/sites\/2\/2023\/02\/novo_logo-convenio-socia-digital1.png","contentUrl":"https:\/\/www.conveniosocial.com.br\/veterinarios\/wp-content\/uploads\/sites\/2\/2023\/02\/novo_logo-convenio-socia-digital1.png","width":400,"height":102,"caption":"Cl\u00ednicas Veterin\u00e1rias - Conv\u00eanio Social"},"image":{"@id":"https:\/\/www.conveniosocial.com.br\/veterinarios\/#\/schema\/logo\/image\/"}}]}},"_links":{"self":[{"href":"https:\/\/www.conveniosocial.com.br\/veterinarios\/wp-json\/wp\/v2\/negocio\/152658","targetHints":{"allow":["GET"]}}],"collection":[{"href":"https:\/\/www.conveniosocial.com.br\/veterinarios\/wp-json\/wp\/v2\/negocio"}],"about":[{"href":"https:\/\/www.conveniosocial.com.br\/veterinarios\/wp-json\/wp\/v2\/types\/negocio"}],"author":[{"embeddable":true,"href":"https:\/\/www.conveniosocial.com.br\/veterinarios\/wp-json\/wp\/v2\/users\/1"}],"wp:attachment":[{"href":"https:\/\/www.conveniosocial.com.br\/veterinarios\/wp-json\/wp\/v2\/media?parent=152658"}],"wp:term":[{"taxonomy":"bairro","embeddable":true,"href":"https:\/\/www.conveniosocial.com.br\/veterinarios\/wp-json\/wp\/v2\/bairro?post=152658"},{"taxonomy":"categoria_parceiro","embeddable":true,"href":"https:\/\/www.conveniosocial.com.br\/veterinarios\/wp-json\/wp\/v2\/categoria_parceiro?post=152658"}],"curies":[{"name":"wp","href":"https:\/\/api.w.org\/{rel}","templated":true}]}}